{"version":"1.0","provider_name":"Jeunes de Saint-Jean","provider_url":"https:\/\/www.jeunesdesaintjean.org","author_name":"JJ","author_url":"https:\/\/www.jeunesdesaintjean.org\/index.php\/author\/jsj\/","title":"S\u00e9jour P\u00e9l\u00e9 St Jacques 2016 - Jeunes de Saint-Jean","type":"rich","width":600,"height":338,"html":"<blockquote class=\"wp-embedded-content\" data-secret=\"dIN2rNjpB1\"><a href=\"https:\/\/www.jeunesdesaintjean.org\/index.php\/sejour-pele-st-jacques\/\">S\u00e9jour P\u00e9l\u00e9 St Jacques 2016<\/a><\/blockquote><iframe sandbox=\"allow-scripts\" security=\"restricted\" src=\"https:\/\/www.jeunesdesaintjean.org\/index.php\/sejour-pele-st-jacques\/embed\/#?secret=dIN2rNjpB1\" width=\"600\" height=\"338\" title=\"\u00ab\u00a0S\u00e9jour P\u00e9l\u00e9 St Jacques 2016\u00a0\u00bb &#8212; Jeunes de Saint-Jean\" data-secret=\"dIN2rNjpB1\" frameborder=\"0\" marginwidth=\"0\" marginheight=\"0\" scrolling=\"no\" class=\"wp-embedded-content\"><\/iframe><script>\n\/*! This file is auto-generated *\/\n!function(d,l){\"use strict\";l.querySelector&&d.addEventListener&&\"undefined\"!=typeof URL&&(d.wp=d.wp||{},d.wp.receiveEmbedMessage||(d.wp.receiveEmbedMessage=function(e){var t=e.data;if((t||t.secret||t.message||t.value)&&!\/[^a-zA-Z0-9]\/.test(t.secret)){for(var s,r,n,a=l.querySelectorAll('iframe[data-secret=\"'+t.secret+'\"]'),o=l.querySelectorAll('blockquote[data-secret=\"'+t.secret+'\"]'),c=new RegExp(\"^https?:$\",\"i\"),i=0;i<o.length;i++)o[i].style.display=\"none\";for(i=0;i<a.length;i++)s=a[i],e.source===s.contentWindow&&(s.removeAttribute(\"style\"),\"height\"===t.message?(1e3<(r=parseInt(t.value,10))?r=1e3:~~r<200&&(r=200),s.height=r):\"link\"===t.message&&(r=new URL(s.getAttribute(\"src\")),n=new URL(t.value),c.test(n.protocol))&&n.host===r.host&&l.activeElement===s&&(d.top.location.href=t.value))}},d.addEventListener(\"message\",d.wp.receiveEmbedMessage,!1),l.addEventListener(\"DOMContentLoaded\",function(){for(var e,t,s=l.querySelectorAll(\"iframe.wp-embedded-content\"),r=0;r<s.length;r++)(t=(e=s[r]).getAttribute(\"data-secret\"))||(t=Math.random().toString(36).substring(2,12),e.src+=\"#?secret=\"+t,e.setAttribute(\"data-secret\",t)),e.contentWindow.postMessage({message:\"ready\",secret:t},\"*\")},!1)))}(window,document);\n\/\/# sourceURL=https:\/\/www.jeunesdesaintjean.org\/wp-includes\/js\/wp-embed.min.js\n<\/script>\n","thumbnail_url":"https:\/\/www.jeunesdesaintjean.org\/wp-content\/uploads\/2016\/04\/P\u00e9l\u00e9-St-Jacques-1.jpg","thumbnail_width":1654,"thumbnail_height":2339,"description":"&nbsp; O\u00f9 ? : Figeac &#8211; Rocamadour\u00a0&#8211; Agen Quand ? : du 16 au 27 ao\u00fbt 2016 Le concept : Marcher sur le chemin vers Saint-Jacques-de-Compostelle, sur un tron\u00e7on fran\u00e7ais riche en histoire et en spiritualit\u00e9, traversant Figeac et Rocamadour, parmi les plus beaux villages de France. Accompagnateur : Fr\u00e8re Renaud-Marie de la Communaut\u00e9 Saint [&hellip;]"}